{"id":168,"date":"2024-09-30T23:37:25","date_gmt":"2024-09-30T21:37:25","guid":{"rendered":"https:\/\/vk02xz.dailysettrends.com\/?page_id=168"},"modified":"2026-01-21T10:28:22","modified_gmt":"2026-01-21T09:28:22","slug":"uber-uns","status":"publish","type":"page","link":"https:\/\/s-e-t.com\/en\/uber-uns\/","title":{"rendered":"About us"},"content":{"rendered":"<div data-elementor-type=\"wp-page\" data-elementor-id=\"168\" class=\"elementor elementor-168\" data-elementor-post-type=\"page\">\n\t\t\t\t<div class=\"elementor-element elementor-element-590ecd9 e-flex e-con-boxed e-con e-parent\" data-id=\"590ecd9\" data-element_type=\"container\" data-settings=\"{&quot;background_background&quot;:&quot;classic&quot;}\">\n\t\t\t\t\t<div class=\"e-con-inner\">\n\t\t\t\t<div class=\"elementor-element elementor-element-a8b8ecf elementor-widget elementor-widget-heading\" data-id=\"a8b8ecf\" data-element_type=\"widget\" data-widget_type=\"heading.default\">\n\t\t\t\t<div class=\"elementor-widget-container\">\n\t\t\t<h1 class=\"elementor-heading-title elementor-size-default\">About us<\/h1>\t\t<\/div>\n\t\t\t\t<\/div>\n\t\t\t\t<div class=\"elementor-element elementor-element-a612c0e elementor-widget elementor-widget-text-editor\" data-id=\"a612c0e\" data-element_type=\"widget\" data-widget_type=\"text-editor.default\">\n\t\t\t\t<div class=\"elementor-widget-container\">\n\t\t\t\t\t\t\t<p>Our goal: to unite all operational decision-makers in the food industry and the entire value chain to collaboratively shape the future.<\/p>\t\t\t\t\t\t<\/div>\n\t\t\t\t<\/div>\n\t\t\t\t\t<\/div>\n\t\t\t\t<\/div>\n\t\t<div class=\"elementor-element elementor-element-aa86ebd e-con-full e-flex e-con e-parent\" data-id=\"aa86ebd\" data-element_type=\"container\">\n\t\t<div class=\"elementor-element elementor-element-d2ee50e e-con-full e-flex e-con e-child\" data-id=\"d2ee50e\" data-element_type=\"container\">\n\t\t\t\t<div class=\"elementor-element elementor-element-1a7cba1 elementor-widget elementor-widget-heading\" data-id=\"1a7cba1\" data-element_type=\"widget\" data-widget_type=\"heading.default\">\n\t\t\t\t<div class=\"elementor-widget-container\">\n\t\t\t<h2 class=\"elementor-heading-title elementor-size-default\">Vision for the industry\n<\/h2>\t\t<\/div>\n\t\t\t\t<\/div>\n\t\t\t\t<div class=\"elementor-element elementor-element-f7cfe98 elementor-widget elementor-widget-text-editor\" data-id=\"f7cfe98\" data-element_type=\"widget\" data-widget_type=\"text-editor.default\">\n\t\t\t\t<div class=\"elementor-widget-container\">\n\t\t\t\t\t\t\t<p>Wir wollen <strong>alle Akteure rund um die Lebensmittelbranche im DACH-Raum<\/strong> vereinen zu einem verantwortungsvollen und zukunftssichernden Gestalter*innen f\u00fcr gesunde Ern\u00e4hrung, nachhaltige Versorgung und verantwortliche Zukunftsentwicklung. Wir setzen uns ein f\u00fcr gesunde und genussvolle Lebensmittel.<\/p>\t\t\t\t\t\t<\/div>\n\t\t\t\t<\/div>\n\t\t\t\t<\/div>\n\t\t<div class=\"elementor-element elementor-element-17d956d e-con-full e-flex e-con e-child\" data-id=\"17d956d\" data-element_type=\"container\">\n\t\t\t\t<div class=\"elementor-element elementor-element-135de15 elementor-widget elementor-widget-heading\" data-id=\"135de15\" data-element_type=\"widget\" data-widget_type=\"heading.default\">\n\t\t\t\t<div class=\"elementor-widget-container\">\n\t\t\t<h2 class=\"elementor-heading-title elementor-size-default\">Our mission: Uniting all stakeholders<\/h2>\t\t<\/div>\n\t\t\t\t<\/div>\n\t\t\t\t<div class=\"elementor-element elementor-element-a9c13fd elementor-widget elementor-widget-text-editor\" data-id=\"a9c13fd\" data-element_type=\"widget\" data-widget_type=\"text-editor.default\">\n\t\t\t\t<div class=\"elementor-widget-container\">\n\t\t\t\t\t\t\t<p>Unser Anliegen ist es, <strong>direkten, pers\u00f6nlichen und zukunftsgerichteten Dialog<\/strong> zwischen allen Interessengruppen, operativen Gestalter*innen und Entscheider*innen entlang der gesamten Wertsch\u00f6pfungskette sowie Expert*innen der Foodbranche zu f\u00f6rdern und aktiv zu gestalten \u2013 mit Fokus auf Ern\u00e4hrung, Markt, Digitalisierung und gesellschaftliche Entwicklungen.<\/p>\t\t\t\t\t\t<\/div>\n\t\t\t\t<\/div>\n\t\t\t\t<\/div>\n\t\t\t\t<\/div>\n\t\t<div class=\"elementor-element elementor-element-260c180 e-con-full e-flex e-con e-parent\" data-id=\"260c180\" data-element_type=\"container\" data-settings=\"{&quot;background_background&quot;:&quot;classic&quot;}\">\n\t\t<div class=\"elementor-element elementor-element-d608fef e-con-full e-flex e-con e-child\" data-id=\"d608fef\" data-element_type=\"container\" data-settings=\"{&quot;background_background&quot;:&quot;classic&quot;}\">\n\t\t\t\t<div class=\"elementor-element elementor-element-0741742 elementor-widget elementor-widget-spacer\" data-id=\"0741742\" data-element_type=\"widget\" data-widget_type=\"spacer.default\">\n\t\t\t\t<div class=\"elementor-widget-container\">\n\t\t\t\t\t<div class=\"elementor-spacer\">\n\t\t\t<div class=\"elementor-spacer-inner\"><\/div>\n\t\t<\/div>\n\t\t\t\t<\/div>\n\t\t\t\t<\/div>\n\t\t\t\t<\/div>\n\t\t<div class=\"elementor-element elementor-element-05f275e e-con-full e-flex e-con e-child\" data-id=\"05f275e\" data-element_type=\"container\">\n\t\t\t\t<div class=\"elementor-element elementor-element-1e0d7b9 elementor-widget elementor-widget-heading\" data-id=\"1e0d7b9\" data-element_type=\"widget\" data-widget_type=\"heading.default\">\n\t\t\t\t<div class=\"elementor-widget-container\">\n\t\t\t<h2 class=\"elementor-heading-title elementor-size-default\">Our breakthrough for industry development<\/h2>\t\t<\/div>\n\t\t\t\t<\/div>\n\t\t\t\t<div class=\"elementor-element elementor-element-4d13fca elementor-widget elementor-widget-text-editor\" data-id=\"4d13fca\" data-element_type=\"widget\" data-widget_type=\"text-editor.default\">\n\t\t\t\t<div class=\"elementor-widget-container\">\n\t\t\t\t\t\t\t<p>The past few years have acted as a catalyst for numerous changes affecting both society and the industry. This has inspired us to drive our own evolutionary process to better address the changing needs of trade, industry, and start-ups. When the Symposium Feines Essen + Trinken e.V. association was founded over 30 years ago, the event's focus was already on the topic of nutrition\u2014initially emphasizing quality, enjoyment, and taste: Symposium Feines Essen + Trinken. \n\nSoon, this initiative evolved into the key dialogue platform for the food industry in the DACH region, bringing together relevant decision-makers from trade and industry at its annual highlight event. For decades, the Symposium has stood for productive, peer-level industry dialogue, directly centered around the product.<\/p><p>And now we are taking the next step to the next level: we are continuing to develop the dialog platform by creating new formats and events and opening up comprehensively to all stakeholders along the entire value chain. In terms of content, we are expanding the core topic of nutrition into the holistic context of sustainability, responsibility and digitalization in order to better reflect the scope of the food industry. This entire process is also reflected in our new name: Symposium Food + Drink.<\/p>\t\t\t\t\t\t<\/div>\n\t\t\t\t<\/div>\n\t\t\t\t<\/div>\n\t\t\t\t<\/div>\n\t\t<div class=\"elementor-element elementor-element-1e557fa e-con-full e-flex e-con e-parent\" data-id=\"1e557fa\" data-element_type=\"container\" data-settings=\"{&quot;background_background&quot;:&quot;classic&quot;}\">\n\t\t<div class=\"elementor-element elementor-element-4b926c9 e-con-full e-flex e-con e-child\" data-id=\"4b926c9\" data-element_type=\"container\">\n\t\t\t\t<div class=\"elementor-element elementor-element-a959773 elementor-widget elementor-widget-heading\" data-id=\"a959773\" data-element_type=\"widget\" data-widget_type=\"heading.default\">\n\t\t\t\t<div class=\"elementor-widget-container\">\n\t\t\t<h2 class=\"elementor-heading-title elementor-size-default\">Hier mehr erfahren zu den Veranstaltungen des Symposium Essen + Trinken.<\/h2>\t\t<\/div>\n\t\t\t\t<\/div>\n\t\t\t\t<\/div>\n\t\t<div class=\"elementor-element elementor-element-ca2e613 e-con-full e-flex e-con e-child\" data-id=\"ca2e613\" data-element_type=\"container\">\n\t\t\t\t<div class=\"elementor-element elementor-element-b04e43b elementor-align-right elementor-mobile-align-center elementor-widget elementor-widget-button\" data-id=\"b04e43b\" data-element_type=\"widget\" data-widget_type=\"button.default\">\n\t\t\t\t<div class=\"elementor-widget-container\">\n\t\t\t\t\t<div class=\"elementor-button-wrapper\">\n\t\t\t<a class=\"elementor-button elementor-button-link elementor-size-sm\" href=\"https:\/\/s-e-t.com\/en\/veranstaltungen\/\">\n\t\t\t\t\t\t<span class=\"elementor-button-content-wrapper\">\n\t\t\t\t\t\t\t\t\t<span class=\"elementor-button-text\">EVENTS <\/span>\n\t\t\t\t\t<\/span>\n\t\t\t\t\t<\/a>\n\t\t<\/div>\n\t\t\t\t<\/div>\n\t\t\t\t<\/div>\n\t\t\t\t<\/div>\n\t\t\t\t<\/div>\n\t\t<div class=\"elementor-element elementor-element-ac46a45 e-con-full e-flex e-con e-parent\" data-id=\"ac46a45\" data-element_type=\"container\">\n\t\t\t\t<div class=\"elementor-element elementor-element-1500c0f elementor-widget elementor-widget-heading\" data-id=\"1500c0f\" data-element_type=\"widget\" data-widget_type=\"heading.default\">\n\t\t\t\t<div class=\"elementor-widget-container\">\n\t\t\t<h2 class=\"elementor-heading-title elementor-size-default\">Symposium: Connected Collaboration\n<\/h2>\t\t<\/div>\n\t\t\t\t<\/div>\n\t\t\t\t<div class=\"elementor-element elementor-element-642f83b elementor-widget__width-inherit elementor-widget-mobile__width-inherit elementor-widget elementor-widget-text-editor\" data-id=\"642f83b\" data-element_type=\"widget\" data-widget_type=\"text-editor.default\">\n\t\t\t\t<div class=\"elementor-widget-container\">\n\t\t\t\t\t\t\t<p>As Symposium Essen + Trinken, we operate holistically, independently, practically, and always by the industry, for the industry. To achieve maximum impact, we have involved various active contributors\u2014many of them volunteers\u2014who collaborate with us on different levels to advance our mission. To provide a clear overview of the work of all participants, we have organized the various committees and stakeholders of the Symposium into a structured framework.<\/p>\t\t\t\t\t\t<\/div>\n\t\t\t\t<\/div>\n\t\t\t\t<\/div>\n\t\t<div class=\"elementor-element elementor-element-ed92a7d e-con-full e-flex e-con e-parent\" data-id=\"ed92a7d\" data-element_type=\"container\" data-settings=\"{&quot;background_background&quot;:&quot;classic&quot;}\">\n\t\t\t\t<div class=\"elementor-element elementor-element-d40003e elementor-hidden-desktop elementor-hidden-tablet elementor-view-default elementor-widget elementor-widget-icon\" data-id=\"d40003e\" data-element_type=\"widget\" data-widget_type=\"icon.default\">\n\t\t\t\t<div class=\"elementor-widget-container\">\n\t\t\t\t\t<div class=\"elementor-icon-wrapper\">\n\t\t\t<div class=\"elementor-icon\">\n\t\t\t<i aria-hidden=\"true\" class=\"icon icon-zoom-in\"><\/i>\t\t\t<\/div>\n\t\t<\/div>\n\t\t\t\t<\/div>\n\t\t\t\t<\/div>\n\t\t\t\t<div class=\"elementor-element elementor-element-ee425ae elementor-widget elementor-widget-image\" data-id=\"ee425ae\" data-element_type=\"widget\" data-no-translation=\"\" data-widget_type=\"image.default\">\n\t\t\t\t<div class=\"elementor-widget-container\">\n\t\t\t<style>.elementor-element-ee425ae{display:none !important}<\/style>\t\t<\/div>\n\t\t\t\t<\/div>\n\t\t\t\t<div class=\"elementor-element elementor-element-6d45c55 elementor-widget elementor-widget-image\" data-id=\"6d45c55\" data-element_type=\"widget\" data-no-translation=\"\" data-widget_type=\"image.default\">\n\t\t\t\t<div class=\"elementor-widget-container\">\n\t\t\t\t\t\t\t\t\t\t\t\t\t<img fetchpriority=\"high\" decoding=\"async\" width=\"2574\" height=\"1205\" src=\"https:\/\/s-e-t.com\/wp-content\/uploads\/2025\/01\/Vernetzte-KollaborationENG-1.png\" class=\"attachment-full size-full wp-image-12093\" alt=\"Organigramm zeigt eine zentrale Einheit &quot;Symposium Essen + Trinken GmbH&quot; f\u00fcr operatives Gesch\u00e4ft, verbunden mit &quot;Pr\u00e4sidium&quot; f\u00fcr repr\u00e4sentative Funktion und &quot;Advisory Board&quot; als Expertenausschuss. Darum gruppieren sich Kooperationspartner: &quot;c&amp;p creative project GmbH&quot; f\u00fcr Umsetzung und Kommunikation, Natalie Gerits f\u00fcr Networking und Vertrieb, HBE e.V. f\u00fcr Arbeitnehmerbindung und Verein SFET e.V. f\u00fcr Beziehungsaufbau in der Branche.\" srcset=\"https:\/\/s-e-t.com\/wp-content\/uploads\/2025\/01\/Vernetzte-KollaborationENG-1.png 2574w, https:\/\/s-e-t.com\/wp-content\/uploads\/2025\/01\/Vernetzte-KollaborationENG-1-300x140.png 300w, https:\/\/s-e-t.com\/wp-content\/uploads\/2025\/01\/Vernetzte-KollaborationENG-1-1024x479.png 1024w, https:\/\/s-e-t.com\/wp-content\/uploads\/2025\/01\/Vernetzte-KollaborationENG-1-768x360.png 768w, https:\/\/s-e-t.com\/wp-content\/uploads\/2025\/01\/Vernetzte-KollaborationENG-1-1536x719.png 1536w, https:\/\/s-e-t.com\/wp-content\/uploads\/2025\/01\/Vernetzte-KollaborationENG-1-2048x959.png 2048w, https:\/\/s-e-t.com\/wp-content\/uploads\/2025\/01\/Vernetzte-KollaborationENG-1-18x8.png 18w\" sizes=\"(max-width: 2574px) 100vw, 2574px\" \/>\t\t\t\t\t\t\t\t\t\t\t\t\t<\/div>\n\t\t\t\t<\/div>\n\t\t\t\t<\/div>\n\t\t<div class=\"elementor-element elementor-element-9f2a975 e-con-full e-flex e-con e-parent\" data-id=\"9f2a975\" data-element_type=\"container\" data-settings=\"{&quot;background_background&quot;:&quot;classic&quot;}\">\n\t\t<div class=\"elementor-element elementor-element-2098467 e-con-full e-flex e-con e-child\" data-id=\"2098467\" data-element_type=\"container\">\n\t\t\t\t<div class=\"elementor-element elementor-element-c24068f elementor-widget elementor-widget-heading\" data-id=\"c24068f\" data-element_type=\"widget\" data-widget_type=\"heading.default\">\n\t\t\t\t<div class=\"elementor-widget-container\">\n\t\t\t<h2 class=\"elementor-heading-title elementor-size-default\">Register now for our industry events. <\/h2>\t\t<\/div>\n\t\t\t\t<\/div>\n\t\t\t\t<\/div>\n\t\t<div class=\"elementor-element elementor-element-c4181e4 e-con-full e-flex e-con e-child\" data-id=\"c4181e4\" data-element_type=\"container\">\n\t\t\t\t<div class=\"elementor-element elementor-element-90bc3b2 elementor-align-right elementor-mobile-align-center elementor-widget elementor-widget-button\" data-id=\"90bc3b2\" data-element_type=\"widget\" data-widget_type=\"button.default\">\n\t\t\t\t<div class=\"elementor-widget-container\">\n\t\t\t\t\t<div class=\"elementor-button-wrapper\">\n\t\t\t<a class=\"elementor-button elementor-button-link elementor-size-sm\" href=\"https:\/\/s-e-t.com\/en\/teilnahme\/\">\n\t\t\t\t\t\t<span class=\"elementor-button-content-wrapper\">\n\t\t\t\t\t\t\t\t\t<span class=\"elementor-button-text\">Participation<\/span>\n\t\t\t\t\t<\/span>\n\t\t\t\t\t<\/a>\n\t\t<\/div>\n\t\t\t\t<\/div>\n\t\t\t\t<\/div>\n\t\t\t\t<\/div>\n\t\t\t\t<\/div>\n\t\t<div class=\"elementor-element elementor-element-a043fc1 e-con-full e-flex e-con e-parent\" data-id=\"a043fc1\" data-element_type=\"container\" data-settings=\"{&quot;background_background&quot;:&quot;classic&quot;}\">\n\t\t\t\t<div class=\"elementor-element elementor-element-95fd776 elementor-widget elementor-widget-heading\" data-id=\"95fd776\" data-element_type=\"widget\" data-widget_type=\"heading.default\">\n\t\t\t\t<div class=\"elementor-widget-container\">\n\t\t\t<h2 class=\"elementor-heading-title elementor-size-default\">Register now for our industry events. <\/h2>\t\t<\/div>\n\t\t\t\t<\/div>\n\t\t\t\t<div class=\"elementor-element elementor-element-098221a elementor-widget elementor-widget-text-editor\" data-id=\"098221a\" data-element_type=\"widget\" data-widget_type=\"text-editor.default\">\n\t\t\t\t<div class=\"elementor-widget-container\">\n\t\t\t\t\t\t\t<p>Symposium Essen + Trinken GmbH<\/p>\t\t\t\t\t\t<\/div>\n\t\t\t\t<\/div>\n\t\t\t\t<\/div>\n\t\t<div class=\"elementor-element elementor-element-db00208 e-con-full e-flex e-con e-parent\" data-id=\"db00208\" data-element_type=\"container\" data-settings=\"{&quot;background_background&quot;:&quot;classic&quot;}\">\n\t\t\t\t<div class=\"elementor-element elementor-element-bd46914 elementor-absolute elementor-hidden-mobile elementor-widget elementor-widget-image\" data-id=\"bd46914\" data-element_type=\"widget\" data-settings=\"{&quot;_position&quot;:&quot;absolute&quot;}\" data-widget_type=\"image.default\">\n\t\t\t\t<div class=\"elementor-widget-container\">\n\t\t\t\t\t\t\t\t\t\t\t\t\t<img decoding=\"async\" width=\"800\" height=\"601\" src=\"https:\/\/s-e-t.com\/wp-content\/uploads\/2024\/11\/maracuja-1024x769.png\" class=\"attachment-large size-large wp-image-11752\" alt=\"Illustration einer halbierten Papaya mit orangem Fruchtfleisch und zahlreichen schwarzen Samen im Inneren\" srcset=\"https:\/\/s-e-t.com\/wp-content\/uploads\/2024\/11\/maracuja-1024x769.png 1024w, https:\/\/s-e-t.com\/wp-content\/uploads\/2024\/11\/maracuja-300x225.png 300w, https:\/\/s-e-t.com\/wp-content\/uploads\/2024\/11\/maracuja-768x577.png 768w, https:\/\/s-e-t.com\/wp-content\/uploads\/2024\/11\/maracuja-1536x1153.png 1536w, https:\/\/s-e-t.com\/wp-content\/uploads\/2024\/11\/maracuja-2048x1538.png 2048w, https:\/\/s-e-t.com\/wp-content\/uploads\/2024\/11\/maracuja-16x12.png 16w\" sizes=\"(max-width: 800px) 100vw, 800px\" \/>\t\t\t\t\t\t\t\t\t\t\t\t\t<\/div>\n\t\t\t\t<\/div>\n\t\t<div class=\"elementor-element elementor-element-c18e134 e-con-full e-flex e-con e-child\" data-id=\"c18e134\" data-element_type=\"container\">\n\t\t\t\t<div class=\"elementor-element elementor-element-2226a9a elementor-widget elementor-widget-image\" data-id=\"2226a9a\" data-element_type=\"widget\" data-widget_type=\"image.default\">\n\t\t\t\t<div class=\"elementor-widget-container\">\n\t\t\t\t\t\t\t\t\t\t\t\t\t<img decoding=\"async\" width=\"800\" height=\"991\" src=\"https:\/\/s-e-t.com\/wp-content\/uploads\/2024\/10\/Natalie-Gerits-827x1024.png\" class=\"attachment-large size-large wp-image-10994\" alt=\"L\u00e4chelnde Frau mit mittellangem braunem Haar, die einen dunkelblauen Blazer und ein wei\u00dfes Oberteil tr\u00e4gt, vor einem modernen, hell beleuchteten Hintergrund\" srcset=\"https:\/\/s-e-t.com\/wp-content\/uploads\/2024\/10\/Natalie-Gerits-827x1024.png 827w, https:\/\/s-e-t.com\/wp-content\/uploads\/2024\/10\/Natalie-Gerits-242x300.png 242w, https:\/\/s-e-t.com\/wp-content\/uploads\/2024\/10\/Natalie-Gerits-768x950.png 768w, https:\/\/s-e-t.com\/wp-content\/uploads\/2024\/10\/Natalie-Gerits-1241x1536.png 1241w, https:\/\/s-e-t.com\/wp-content\/uploads\/2024\/10\/Natalie-Gerits-1655x2048.png 1655w, https:\/\/s-e-t.com\/wp-content\/uploads\/2024\/10\/Natalie-Gerits-10x12.png 10w, https:\/\/s-e-t.com\/wp-content\/uploads\/2024\/10\/Natalie-Gerits.png 2000w\" sizes=\"(max-width: 800px) 100vw, 800px\" \/>\t\t\t\t\t\t\t\t\t\t\t\t\t<\/div>\n\t\t\t\t<\/div>\n\t\t\t\t<div class=\"elementor-element elementor-element-53dd3d6 elementor-widget elementor-widget-heading\" data-id=\"53dd3d6\" data-element_type=\"widget\" data-widget_type=\"heading.default\">\n\t\t\t\t<div class=\"elementor-widget-container\">\n\t\t\t<h2 class=\"elementor-heading-title elementor-size-default\">Natalie Gerits<\/h2>\t\t<\/div>\n\t\t\t\t<\/div>\n\t\t\t\t<div class=\"elementor-element elementor-element-ef00653 elementor-widget elementor-widget-text-editor\" data-id=\"ef00653\" data-element_type=\"widget\" data-widget_type=\"text-editor.default\">\n\t\t\t\t<div class=\"elementor-widget-container\">\n\t\t\t\t\t\t\t<p>Managing Director<br \/>Symposium Essen + Trinken GmbH<br \/>and shareholder and board member of the association SFET e.V.<\/p>\t\t\t\t\t\t<\/div>\n\t\t\t\t<\/div>\n\t\t\t\t<div class=\"elementor-element elementor-element-2bf3490 elementor-align-left button-mehr-erfahren-person elementor-widget elementor-widget-button\" data-id=\"2bf3490\" data-element_type=\"widget\" data-widget_type=\"button.default\">\n\t\t\t\t<div class=\"elementor-widget-container\">\n\t\t\t\t\t<div class=\"elementor-button-wrapper\">\n\t\t\t<a class=\"elementor-button elementor-size-sm\" role=\"button\" id=\"button-natalie\">\n\t\t\t\t\t\t<span class=\"elementor-button-content-wrapper\">\n\t\t\t\t\t\t\t\t\t<span class=\"elementor-button-text\">Learn more...<\/span>\n\t\t\t\t\t<\/span>\n\t\t\t\t\t<\/a>\n\t\t<\/div>\n\t\t\t\t<\/div>\n\t\t\t\t<\/div>\n\t\t\t\t<\/div>\n\t\t<div class=\"elementor-element elementor-element-e801fca e-con-full e-flex e-con e-child\" data-id=\"e801fca\" data-element_type=\"container\">\n\t\t\t\t<div class=\"elementor-element elementor-element-ec6bf1e elementor-widget elementor-widget-image\" data-id=\"ec6bf1e\" data-element_type=\"widget\" data-widget_type=\"image.default\">\n\t\t\t\t<div class=\"elementor-widget-container\">\n\t\t\t\t\t\t\t\t\t\t\t\t\t<img loading=\"lazy\" decoding=\"async\" width=\"800\" height=\"991\" src=\"https:\/\/s-e-t.com\/wp-content\/uploads\/2025\/01\/edmund-827x1024.png\" class=\"attachment-large size-large wp-image-12067\" alt=\"Portr\u00e4t eines \u00e4lteren Mannes mit hellem Haar, hellblauen Augen und freundlichem Gesichtsausdruck, tr\u00e4gt einen dunkelgrauen traditionellen Anzug mit blau-wei\u00df gestreiftem Hemd\" srcset=\"https:\/\/s-e-t.com\/wp-content\/uploads\/2025\/01\/edmund-827x1024.png 827w, https:\/\/s-e-t.com\/wp-content\/uploads\/2025\/01\/edmund-242x300.png 242w, https:\/\/s-e-t.com\/wp-content\/uploads\/2025\/01\/edmund-768x950.png 768w, https:\/\/s-e-t.com\/wp-content\/uploads\/2025\/01\/edmund-1241x1536.png 1241w, https:\/\/s-e-t.com\/wp-content\/uploads\/2025\/01\/edmund-1655x2048.png 1655w, https:\/\/s-e-t.com\/wp-content\/uploads\/2025\/01\/edmund-10x12.png 10w, https:\/\/s-e-t.com\/wp-content\/uploads\/2025\/01\/edmund.png 2000w\" sizes=\"(max-width: 800px) 100vw, 800px\" \/>\t\t\t\t\t\t\t\t\t\t\t\t\t<\/div>\n\t\t\t\t<\/div>\n\t\t\t\t<div class=\"elementor-element elementor-element-21c453e elementor-widget elementor-widget-heading\" data-id=\"21c453e\" data-element_type=\"widget\" data-widget_type=\"heading.default\">\n\t\t\t\t<div class=\"elementor-widget-container\">\n\t\t\t<h2 class=\"elementor-heading-title elementor-size-default\">Edmund Pillekamp<\/h2>\t\t<\/div>\n\t\t\t\t<\/div>\n\t\t\t\t<div class=\"elementor-element elementor-element-f41c06d elementor-widget elementor-widget-text-editor\" data-id=\"f41c06d\" data-element_type=\"widget\" data-widget_type=\"text-editor.default\">\n\t\t\t\t<div class=\"elementor-widget-container\">\n\t\t\t\t\t\t\t<p>Managing Director<br \/>Symposium Essen + Trinken GmbH<\/p>\t\t\t\t\t\t<\/div>\n\t\t\t\t<\/div>\n\t\t\t\t<div class=\"elementor-element elementor-element-8207326 elementor-align-left button-mehr-erfahren-person elementor-widget elementor-widget-button\" data-id=\"8207326\" data-element_type=\"widget\" data-widget_type=\"button.default\">\n\t\t\t\t<div class=\"elementor-widget-container\">\n\t\t\t\t\t<div class=\"elementor-button-wrapper\">\n\t\t\t<a class=\"elementor-button elementor-size-sm\" role=\"button\" id=\"button-edmund\">\n\t\t\t\t\t\t<span class=\"elementor-button-content-wrapper\">\n\t\t\t\t\t\t\t\t\t<span class=\"elementor-button-text\">Learn more...<\/span>\n\t\t\t\t\t<\/span>\n\t\t\t\t\t<\/a>\n\t\t<\/div>\n\t\t\t\t<\/div>\n\t\t\t\t<\/div>\n\t\t\t\t<\/div>\n\t\t<div class=\"elementor-element elementor-element-6a3510d e-con-full e-flex e-con e-child\" data-id=\"6a3510d\" data-element_type=\"container\">\n\t\t\t\t<div class=\"elementor-element elementor-element-bf0b6e8 elementor-widget elementor-widget-image\" data-id=\"bf0b6e8\" data-element_type=\"widget\" data-widget_type=\"image.default\">\n\t\t\t\t<div class=\"elementor-widget-container\">\n\t\t\t\t\t\t\t\t\t\t\t\t\t<img loading=\"lazy\" decoding=\"async\" width=\"800\" height=\"991\" src=\"https:\/\/s-e-t.com\/wp-content\/uploads\/2024\/10\/Karl-Heinz-Dautzenberg-827x1024.png\" class=\"attachment-large size-large wp-image-10992\" alt=\"\u00c4lterer Mann in Anzug mit wei\u00dfem Hemd und schwarz-wei\u00df gestreifter Krawatte, mit verschr\u00e4nkten Armen vor unscharfem Hintergrund\" srcset=\"https:\/\/s-e-t.com\/wp-content\/uploads\/2024\/10\/Karl-Heinz-Dautzenberg-827x1024.png 827w, https:\/\/s-e-t.com\/wp-content\/uploads\/2024\/10\/Karl-Heinz-Dautzenberg-242x300.png 242w, https:\/\/s-e-t.com\/wp-content\/uploads\/2024\/10\/Karl-Heinz-Dautzenberg-768x950.png 768w, https:\/\/s-e-t.com\/wp-content\/uploads\/2024\/10\/Karl-Heinz-Dautzenberg-1241x1536.png 1241w, https:\/\/s-e-t.com\/wp-content\/uploads\/2024\/10\/Karl-Heinz-Dautzenberg-1655x2048.png 1655w, https:\/\/s-e-t.com\/wp-content\/uploads\/2024\/10\/Karl-Heinz-Dautzenberg-10x12.png 10w, https:\/\/s-e-t.com\/wp-content\/uploads\/2024\/10\/Karl-Heinz-Dautzenberg.png 2000w\" sizes=\"(max-width: 800px) 100vw, 800px\" \/>\t\t\t\t\t\t\t\t\t\t\t\t\t<\/div>\n\t\t\t\t<\/div>\n\t\t\t\t<div class=\"elementor-element elementor-element-98e52ef elementor-widget elementor-widget-heading\" data-id=\"98e52ef\" data-element_type=\"widget\" data-widget_type=\"heading.default\">\n\t\t\t\t<div class=\"elementor-widget-container\">\n\t\t\t<h2 class=\"elementor-heading-title elementor-size-default\">Karl-Heinz Dautzenberg<\/h2>\t\t<\/div>\n\t\t\t\t<\/div>\n\t\t\t\t<div class=\"elementor-element elementor-element-7641fd0 elementor-widget elementor-widget-text-editor\" data-id=\"7641fd0\" data-element_type=\"widget\" data-widget_type=\"text-editor.default\">\n\t\t\t\t<div class=\"elementor-widget-container\">\n\t\t\t\t\t\t\t<p>Deputy Chairman of the Board and company representative of the SFET e.V. association<\/p>\t\t\t\t\t\t<\/div>\n\t\t\t\t<\/div>\n\t\t\t\t<div class=\"elementor-element elementor-element-20a5591 elementor-align-left button-mehr-erfahren-person elementor-widget elementor-widget-button\" data-id=\"20a5591\" data-element_type=\"widget\" data-widget_type=\"button.default\">\n\t\t\t\t<div class=\"elementor-widget-container\">\n\t\t\t\t\t<div class=\"elementor-button-wrapper\">\n\t\t\t<a class=\"elementor-button elementor-size-sm\" role=\"button\" id=\"button-karl\">\n\t\t\t\t\t\t<span class=\"elementor-button-content-wrapper\">\n\t\t\t\t\t\t\t\t\t<span class=\"elementor-button-text\">Learn more...<\/span>\n\t\t\t\t\t<\/span>\n\t\t\t\t\t<\/a>\n\t\t<\/div>\n\t\t\t\t<\/div>\n\t\t\t\t<\/div>\n\t\t\t\t<\/div>\n\t\t\t\t<\/div>\n\t\t<div class=\"elementor-element elementor-element-923079e e-con-full e-flex e-con e-parent\" data-id=\"923079e\" data-element_type=\"container\" data-settings=\"{&quot;background_background&quot;:&quot;classic&quot;}\">\n\t\t<div class=\"elementor-element elementor-element-64bac16 e-con-full e-flex e-con e-child\" data-id=\"64bac16\" data-element_type=\"container\">\n\t\t\t\t<div class=\"elementor-element elementor-element-c5e38e5 elementor-widget elementor-widget-image\" data-id=\"c5e38e5\" data-element_type=\"widget\" data-widget_type=\"image.default\">\n\t\t\t\t<div class=\"elementor-widget-container\">\n\t\t\t\t\t\t\t\t\t\t\t\t\t<img loading=\"lazy\" decoding=\"async\" width=\"800\" height=\"991\" src=\"https:\/\/s-e-t.com\/wp-content\/uploads\/2024\/10\/Cecile-Mo\u2560ehring-827x1024.png\" class=\"attachment-large size-large wp-image-10991\" alt=\"Frau mit mittellangen braunen Haaren und dunklem Hemd vor einer Wand mit gr\u00fcnen Pflanzen, die in die Kamera blickt und leicht l\u00e4chelt.\" srcset=\"https:\/\/s-e-t.com\/wp-content\/uploads\/2024\/10\/Cecile-Mo\u2560ehring-827x1024.png 827w, https:\/\/s-e-t.com\/wp-content\/uploads\/2024\/10\/Cecile-Mo\u2560ehring-242x300.png 242w, https:\/\/s-e-t.com\/wp-content\/uploads\/2024\/10\/Cecile-Mo\u2560ehring-768x950.png 768w, https:\/\/s-e-t.com\/wp-content\/uploads\/2024\/10\/Cecile-Mo\u2560ehring-1241x1536.png 1241w, https:\/\/s-e-t.com\/wp-content\/uploads\/2024\/10\/Cecile-Mo\u2560ehring-1655x2048.png 1655w, https:\/\/s-e-t.com\/wp-content\/uploads\/2024\/10\/Cecile-Mo\u2560ehring-10x12.png 10w, https:\/\/s-e-t.com\/wp-content\/uploads\/2024\/10\/Cecile-Mo\u2560ehring.png 2000w\" sizes=\"(max-width: 800px) 100vw, 800px\" \/>\t\t\t\t\t\t\t\t\t\t\t\t\t<\/div>\n\t\t\t\t<\/div>\n\t\t\t\t<div class=\"elementor-element elementor-element-b243abd elementor-widget elementor-widget-heading\" data-id=\"b243abd\" data-element_type=\"widget\" data-widget_type=\"heading.default\">\n\t\t\t\t<div class=\"elementor-widget-container\">\n\t\t\t<h2 class=\"elementor-heading-title elementor-size-default\">C\u00e9cile M\u00f6hring \n<\/h2>\t\t<\/div>\n\t\t\t\t<\/div>\n\t\t\t\t<div class=\"elementor-element elementor-element-d15f607 elementor-widget elementor-widget-text-editor\" data-id=\"d15f607\" data-element_type=\"widget\" data-widget_type=\"text-editor.default\">\n\t\t\t\t<div class=\"elementor-widget-container\">\n\t\t\t\t\t\t\t<p>Shareholder with c&amp;p ceative project GmbH and member of the SFET e.V. association<\/p>\t\t\t\t\t\t<\/div>\n\t\t\t\t<\/div>\n\t\t\t\t<div class=\"elementor-element elementor-element-1d49271 elementor-align-left button-mehr-erfahren-person elementor-widget elementor-widget-button\" data-id=\"1d49271\" data-element_type=\"widget\" data-widget_type=\"button.default\">\n\t\t\t\t<div class=\"elementor-widget-container\">\n\t\t\t\t\t<div class=\"elementor-button-wrapper\">\n\t\t\t<a class=\"elementor-button elementor-size-sm\" role=\"button\" id=\"button-cecile\">\n\t\t\t\t\t\t<span class=\"elementor-button-content-wrapper\">\n\t\t\t\t\t\t\t\t\t<span class=\"elementor-button-text\">Learn more...<\/span>\n\t\t\t\t\t<\/span>\n\t\t\t\t\t<\/a>\n\t\t<\/div>\n\t\t\t\t<\/div>\n\t\t\t\t<\/div>\n\t\t\t\t<\/div>\n\t\t<div class=\"elementor-element elementor-element-f4b504e e-con-full e-flex e-con e-child\" data-id=\"f4b504e\" data-element_type=\"container\">\n\t\t\t\t<div class=\"elementor-element elementor-element-1175f9b elementor-widget elementor-widget-image\" data-id=\"1175f9b\" data-element_type=\"widget\" data-widget_type=\"image.default\">\n\t\t\t\t<div class=\"elementor-widget-container\">\n\t\t\t\t\t\t\t\t\t\t\t\t\t<img loading=\"lazy\" decoding=\"async\" width=\"800\" height=\"991\" src=\"https:\/\/s-e-t.com\/wp-content\/uploads\/2024\/10\/Matthias-Zwingel-827x1024.png\" class=\"attachment-large size-large wp-image-10993\" alt=\"Portr\u00e4t eines \u00e4lteren Mannes mit Brille, grauem Haar und Bart, der einen dunklen Anzug, hellblaues Hemd und karierte Krawatte tr\u00e4gt, vor einem schlichten hellgrauen Hintergrund.\" srcset=\"https:\/\/s-e-t.com\/wp-content\/uploads\/2024\/10\/Matthias-Zwingel-827x1024.png 827w, https:\/\/s-e-t.com\/wp-content\/uploads\/2024\/10\/Matthias-Zwingel-242x300.png 242w, https:\/\/s-e-t.com\/wp-content\/uploads\/2024\/10\/Matthias-Zwingel-768x950.png 768w, https:\/\/s-e-t.com\/wp-content\/uploads\/2024\/10\/Matthias-Zwingel-1241x1536.png 1241w, https:\/\/s-e-t.com\/wp-content\/uploads\/2024\/10\/Matthias-Zwingel-1655x2048.png 1655w, https:\/\/s-e-t.com\/wp-content\/uploads\/2024\/10\/Matthias-Zwingel-10x12.png 10w, https:\/\/s-e-t.com\/wp-content\/uploads\/2024\/10\/Matthias-Zwingel.png 2000w\" sizes=\"(max-width: 800px) 100vw, 800px\" \/>\t\t\t\t\t\t\t\t\t\t\t\t\t<\/div>\n\t\t\t\t<\/div>\n\t\t\t\t<div class=\"elementor-element elementor-element-c8ddaa5 elementor-widget elementor-widget-heading\" data-id=\"c8ddaa5\" data-element_type=\"widget\" data-widget_type=\"heading.default\">\n\t\t\t\t<div class=\"elementor-widget-container\">\n\t\t\t<h2 class=\"elementor-heading-title elementor-size-default\">Matthias Zwingel <\/h2>\t\t<\/div>\n\t\t\t\t<\/div>\n\t\t\t\t<div class=\"elementor-element elementor-element-0563c5b elementor-widget elementor-widget-text-editor\" data-id=\"0563c5b\" data-element_type=\"widget\" data-widget_type=\"text-editor.default\">\n\t\t\t\t<div class=\"elementor-widget-container\">\n\t\t\t\t\t\t\t<p>Chairman of the Board and company representative of the SFET e.V. association<\/p>\t\t\t\t\t\t<\/div>\n\t\t\t\t<\/div>\n\t\t\t\t<div class=\"elementor-element elementor-element-1d9121a elementor-align-left button-mehr-erfahren-person elementor-widget elementor-widget-button\" data-id=\"1d9121a\" data-element_type=\"widget\" data-widget_type=\"button.default\">\n\t\t\t\t<div class=\"elementor-widget-container\">\n\t\t\t\t\t<div class=\"elementor-button-wrapper\">\n\t\t\t<a class=\"elementor-button elementor-size-sm\" role=\"button\" id=\"button-matthias\">\n\t\t\t\t\t\t<span class=\"elementor-button-content-wrapper\">\n\t\t\t\t\t\t\t\t\t<span class=\"elementor-button-text\">Learn more...<\/span>\n\t\t\t\t\t<\/span>\n\t\t\t\t\t<\/a>\n\t\t<\/div>\n\t\t\t\t<\/div>\n\t\t\t\t<\/div>\n\t\t\t\t<\/div>\n\t\t<div class=\"elementor-element elementor-element-82ab0c2 e-con-full elementor-hidden-mobile e-flex e-con e-child\" data-id=\"82ab0c2\" data-element_type=\"container\">\n\t\t\t\t<\/div>\n\t\t\t\t<\/div>\n\t\t<div class=\"elementor-element elementor-element-12ae6f3 e-con-full e-flex e-con e-parent\" data-id=\"12ae6f3\" data-element_type=\"container\">\n\t\t\t\t<div class=\"elementor-element elementor-element-d69fd23 elementor-widget elementor-widget-heading\" data-id=\"d69fd23\" data-element_type=\"widget\" data-widget_type=\"heading.default\">\n\t\t\t\t<div class=\"elementor-widget-container\">\n\t\t\t<h2 class=\"elementor-heading-title elementor-size-default\">We are supported by our numerous partners: \n<\/h2>\t\t<\/div>\n\t\t\t\t<\/div>\n\t\t\t\t<\/div>\n\t\t<div class=\"elementor-element elementor-element-9214d20 e-con-full e-flex e-con e-parent\" data-id=\"9214d20\" data-element_type=\"container\">\n\t\t\t\t<div class=\"elementor-element elementor-element-d56b051 elementor-widget elementor-widget-n-carousel\" data-id=\"d56b051\" data-element_type=\"widget\" data-settings=\"{&quot;carousel_items&quot;:[{&quot;slide_title&quot;:&quot;Handelsverband Bayern HBE&quot;,&quot;_id&quot;:&quot;a082029&quot;},{&quot;slide_title&quot;:&quot;Handelsverband NRW&quot;,&quot;_id&quot;:&quot;46dee7b&quot;},{&quot;slide_title&quot;:&quot;Lebensmittel Praxis&quot;,&quot;_id&quot;:&quot;a8ec409&quot;},{&quot;slide_title&quot;:&quot;J. B\\u00fcnting&quot;,&quot;_id&quot;:&quot;5a601c6&quot;},{&quot;slide_title&quot;:&quot;EDEKA&quot;,&quot;_id&quot;:&quot;cda358c&quot;},{&quot;slide_title&quot;:&quot;Markant Deutschland&quot;,&quot;_id&quot;:&quot;ab0b3e1&quot;},{&quot;slide_title&quot;:&quot;METRO&quot;,&quot;_id&quot;:&quot;00e4dbe&quot;},{&quot;slide_title&quot;:&quot;REWE&quot;,&quot;_id&quot;:&quot;ae1b744&quot;}],&quot;slides_to_show&quot;:&quot;5&quot;,&quot;slides_to_scroll&quot;:&quot;1&quot;,&quot;slides_to_scroll_mobile&quot;:&quot;1&quot;,&quot;autoplay_speed&quot;:3000,&quot;image_spacing_custom&quot;:{&quot;unit&quot;:&quot;px&quot;,&quot;size&quot;:0,&quot;sizes&quot;:[]},&quot;slides_to_show_tablet&quot;:&quot;2&quot;,&quot;slides_to_show_mobile&quot;:&quot;1&quot;,&quot;autoplay&quot;:&quot;yes&quot;,&quot;pause_on_hover&quot;:&quot;yes&quot;,&quot;infinite&quot;:&quot;yes&quot;,&quot;speed&quot;:500,&quot;offset_sides&quot;:&quot;none&quot;,&quot;image_spacing_custom_tablet&quot;:{&quot;unit&quot;:&quot;px&quot;,&quot;size&quot;:&quot;&quot;,&quot;sizes&quot;:[]},&quot;image_spacing_custom_mobile&quot;:{&quot;unit&quot;:&quot;px&quot;,&quot;size&quot;:&quot;&quot;,&quot;sizes&quot;:[]}}\" data-widget_type=\"nested-carousel.default\">\n\t\t\t\t<div class=\"elementor-widget-container\">\n\t\t\t\t\t<div class=\"e-n-carousel swiper\" dir=\"ltr\">\n\t\t\t<div class=\"swiper-wrapper\" aria-live=\"off\">\n\t\t\t\t\t\t\t\t\t\t<div class=\"swiper-slide\" data-slide=\"1\" role=\"group\" aria-roledescription=\"slide\" aria-label=\"1 of 8\">\n\t\t\t\t\t\t\t<div class=\"elementor-element elementor-element-a602811 e-flex e-con-boxed e-con e-child\" data-id=\"a602811\" data-element_type=\"container\">\n\t\t\t\t\t<div class=\"e-con-inner\">\n\t\t\t\t<div class=\"elementor-element elementor-element-1c1e4e0 elementor-widget elementor-widget-image\" data-id=\"1c1e4e0\" data-element_type=\"widget\" data-widget_type=\"image.default\">\n\t\t\t\t<div class=\"elementor-widget-container\">\n\t\t\t\t\t\t\t\t\t\t\t\t\t<img loading=\"lazy\" decoding=\"async\" width=\"240\" height=\"240\" src=\"https:\/\/s-e-t.com\/wp-content\/uploads\/2024\/10\/logo-about-2.png\" class=\"attachment-large size-large wp-image-9833\" alt=\"Logo des Handelsverbands Bayern mit stilisiertem h in einem Kreis und dem Schriftzug Handelsverband Bayern HBE\" srcset=\"https:\/\/s-e-t.com\/wp-content\/uploads\/2024\/10\/logo-about-2.png 240w, https:\/\/s-e-t.com\/wp-content\/uploads\/2024\/10\/logo-about-2-150x150.png 150w\" sizes=\"(max-width: 240px) 100vw, 240px\" \/>\t\t\t\t\t\t\t\t\t\t\t\t\t<\/div>\n\t\t\t\t<\/div>\n\t\t\t\t\t<\/div>\n\t\t\t\t<\/div>\n\t\t\t\t\t\t\t\t<\/div>\n\t\t\t\t\t\t\t\t\t\t\t<div class=\"swiper-slide\" data-slide=\"2\" role=\"group\" aria-roledescription=\"slide\" aria-label=\"2 of 8\">\n\t\t\t\t\t\t\t<div class=\"elementor-element elementor-element-117982a e-flex e-con-boxed e-con e-child\" data-id=\"117982a\" data-element_type=\"container\">\n\t\t\t\t\t<div class=\"e-con-inner\">\n\t\t\t\t<div class=\"elementor-element elementor-element-d05f86f elementor-widget elementor-widget-image\" data-id=\"d05f86f\" data-element_type=\"widget\" data-widget_type=\"image.default\">\n\t\t\t\t<div class=\"elementor-widget-container\">\n\t\t\t\t\t\t\t\t\t\t\t\t\t<img loading=\"lazy\" decoding=\"async\" width=\"240\" height=\"240\" src=\"https:\/\/s-e-t.com\/wp-content\/uploads\/2024\/10\/logo-about-4.png\" class=\"attachment-full size-full wp-image-9835\" alt=\"Logo des Handelsverbands Nordrhein-Westfalen mit stilisiertem &quot;h&quot; in einem t\u00fcrkisen Kreis neben blauem Schriftzug\" srcset=\"https:\/\/s-e-t.com\/wp-content\/uploads\/2024\/10\/logo-about-4.png 240w, https:\/\/s-e-t.com\/wp-content\/uploads\/2024\/10\/logo-about-4-150x150.png 150w\" sizes=\"(max-width: 240px) 100vw, 240px\" \/>\t\t\t\t\t\t\t\t\t\t\t\t\t<\/div>\n\t\t\t\t<\/div>\n\t\t\t\t\t<\/div>\n\t\t\t\t<\/div>\n\t\t\t\t\t\t\t\t<\/div>\n\t\t\t\t\t\t\t\t\t\t\t<div class=\"swiper-slide\" data-slide=\"3\" role=\"group\" aria-roledescription=\"slide\" aria-label=\"3 of 8\">\n\t\t\t\t\t\t\t<div class=\"elementor-element elementor-element-3ecb21f e-flex e-con-boxed e-con e-child\" data-id=\"3ecb21f\" data-element_type=\"container\">\n\t\t\t\t\t<div class=\"e-con-inner\">\n\t\t\t\t<div class=\"elementor-element elementor-element-33f0791 elementor-widget elementor-widget-image\" data-id=\"33f0791\" data-element_type=\"widget\" data-widget_type=\"image.default\">\n\t\t\t\t<div class=\"elementor-widget-container\">\n\t\t\t\t\t\t\t\t\t\t\t\t\t<img loading=\"lazy\" decoding=\"async\" width=\"240\" height=\"240\" src=\"https:\/\/s-e-t.com\/wp-content\/uploads\/2024\/10\/logo-about-3.png\" class=\"attachment-large size-large wp-image-9834\" alt=\"Logo mit den Buchstaben L und P in Blau und daneben der Text Lebensmittel Praxis\" srcset=\"https:\/\/s-e-t.com\/wp-content\/uploads\/2024\/10\/logo-about-3.png 240w, https:\/\/s-e-t.com\/wp-content\/uploads\/2024\/10\/logo-about-3-150x150.png 150w\" sizes=\"(max-width: 240px) 100vw, 240px\" \/>\t\t\t\t\t\t\t\t\t\t\t\t\t<\/div>\n\t\t\t\t<\/div>\n\t\t\t\t\t<\/div>\n\t\t\t\t<\/div>\n\t\t\t\t\t\t\t\t<\/div>\n\t\t\t\t\t\t\t\t\t\t\t<div class=\"swiper-slide\" data-slide=\"4\" role=\"group\" aria-roledescription=\"slide\" aria-label=\"4 of 8\">\n\t\t\t\t\t\t\t<div class=\"elementor-element elementor-element-7c4f1c0 e-flex e-con-boxed e-con e-child\" data-id=\"7c4f1c0\" data-element_type=\"container\">\n\t\t\t\t\t<div class=\"e-con-inner\">\n\t\t\t\t<div class=\"elementor-element elementor-element-4b6cfa2 elementor-widget elementor-widget-image\" data-id=\"4b6cfa2\" data-element_type=\"widget\" data-widget_type=\"image.default\">\n\t\t\t\t<div class=\"elementor-widget-container\">\n\t\t\t\t\t\t\t\t\t\t\t\t\t<img loading=\"lazy\" decoding=\"async\" width=\"240\" height=\"240\" src=\"https:\/\/s-e-t.com\/wp-content\/uploads\/2024\/10\/logo-about-10.png\" class=\"attachment-large size-large wp-image-9831\" alt=\"Logo der B\u00fcnting Unternehmensgruppe mit gr\u00fcnem Schriftzug\" srcset=\"https:\/\/s-e-t.com\/wp-content\/uploads\/2024\/10\/logo-about-10.png 240w, https:\/\/s-e-t.com\/wp-content\/uploads\/2024\/10\/logo-about-10-150x150.png 150w\" sizes=\"(max-width: 240px) 100vw, 240px\" \/>\t\t\t\t\t\t\t\t\t\t\t\t\t<\/div>\n\t\t\t\t<\/div>\n\t\t\t\t\t<\/div>\n\t\t\t\t<\/div>\n\t\t\t\t\t\t\t\t<\/div>\n\t\t\t\t\t\t\t\t\t\t\t<div class=\"swiper-slide\" data-slide=\"5\" role=\"group\" aria-roledescription=\"slide\" aria-label=\"5 of 8\">\n\t\t\t\t\t\t\t<div class=\"elementor-element elementor-element-28ffc4f e-flex e-con-boxed e-con e-child\" data-id=\"28ffc4f\" data-element_type=\"container\">\n\t\t\t\t\t<div class=\"e-con-inner\">\n\t\t\t\t<div class=\"elementor-element elementor-element-43b105e elementor-widget elementor-widget-image\" data-id=\"43b105e\" data-element_type=\"widget\" data-widget_type=\"image.default\">\n\t\t\t\t<div class=\"elementor-widget-container\">\n\t\t\t\t\t\t\t\t\t\t\t\t\t<img loading=\"lazy\" decoding=\"async\" width=\"240\" height=\"240\" src=\"https:\/\/s-e-t.com\/wp-content\/uploads\/2024\/10\/logo-about-1.png\" class=\"attachment-large size-large wp-image-9832\" alt=\"Blaues E auf gelbem Hintergrund mit dem Schriftzug EDEKA darunter\" srcset=\"https:\/\/s-e-t.com\/wp-content\/uploads\/2024\/10\/logo-about-1.png 240w, https:\/\/s-e-t.com\/wp-content\/uploads\/2024\/10\/logo-about-1-150x150.png 150w\" sizes=\"(max-width: 240px) 100vw, 240px\" \/>\t\t\t\t\t\t\t\t\t\t\t\t\t<\/div>\n\t\t\t\t<\/div>\n\t\t\t\t\t<\/div>\n\t\t\t\t<\/div>\n\t\t\t\t\t\t\t\t<\/div>\n\t\t\t\t\t\t\t\t\t\t\t<div class=\"swiper-slide\" data-slide=\"6\" role=\"group\" aria-roledescription=\"slide\" aria-label=\"6 of 8\">\n\t\t\t\t\t\t\t<div class=\"elementor-element elementor-element-d3a248f e-flex e-con-boxed e-con e-child\" data-id=\"d3a248f\" data-element_type=\"container\">\n\t\t\t\t\t<div class=\"e-con-inner\">\n\t\t\t\t<div class=\"elementor-element elementor-element-5ceb731 elementor-widget elementor-widget-image\" data-id=\"5ceb731\" data-element_type=\"widget\" data-widget_type=\"image.default\">\n\t\t\t\t<div class=\"elementor-widget-container\">\n\t\t\t\t\t\t\t\t\t\t\t\t\t<img loading=\"lazy\" decoding=\"async\" width=\"240\" height=\"240\" src=\"https:\/\/s-e-t.com\/wp-content\/uploads\/2024\/10\/about-logo-6.png\" class=\"attachment-medium size-medium wp-image-9827\" alt=\"Logo von markant mit einem roten Kreis und einem wei\u00dfen stilisierten Auge neben dem Schriftzug in roter Farbe\" srcset=\"https:\/\/s-e-t.com\/wp-content\/uploads\/2024\/10\/about-logo-6.png 240w, https:\/\/s-e-t.com\/wp-content\/uploads\/2024\/10\/about-logo-6-150x150.png 150w\" sizes=\"(max-width: 240px) 100vw, 240px\" \/>\t\t\t\t\t\t\t\t\t\t\t\t\t<\/div>\n\t\t\t\t<\/div>\n\t\t\t\t\t<\/div>\n\t\t\t\t<\/div>\n\t\t\t\t\t\t\t\t<\/div>\n\t\t\t\t\t\t\t\t\t\t\t<div class=\"swiper-slide\" data-slide=\"7\" role=\"group\" aria-roledescription=\"slide\" aria-label=\"7 of 8\">\n\t\t\t\t\t\t\t<div class=\"elementor-element elementor-element-b90271c e-flex e-con-boxed e-con e-child\" data-id=\"b90271c\" data-element_type=\"container\">\n\t\t\t\t\t<div class=\"e-con-inner\">\n\t\t\t\t<div class=\"elementor-element elementor-element-b00e7ea elementor-widget elementor-widget-image\" data-id=\"b00e7ea\" data-element_type=\"widget\" data-widget_type=\"image.default\">\n\t\t\t\t<div class=\"elementor-widget-container\">\n\t\t\t\t\t\t\t\t\t\t\t\t\t<img loading=\"lazy\" decoding=\"async\" width=\"240\" height=\"240\" src=\"https:\/\/s-e-t.com\/wp-content\/uploads\/2024\/10\/logo-about-9.png\" class=\"attachment-medium size-medium wp-image-9830\" alt=\"Logo von METRO mit gelben Gro\u00dfbuchstaben auf blauem Hintergrund\" srcset=\"https:\/\/s-e-t.com\/wp-content\/uploads\/2024\/10\/logo-about-9.png 240w, https:\/\/s-e-t.com\/wp-content\/uploads\/2024\/10\/logo-about-9-150x150.png 150w\" sizes=\"(max-width: 240px) 100vw, 240px\" \/>\t\t\t\t\t\t\t\t\t\t\t\t\t<\/div>\n\t\t\t\t<\/div>\n\t\t\t\t\t<\/div>\n\t\t\t\t<\/div>\n\t\t\t\t\t\t\t\t<\/div>\n\t\t\t\t\t\t\t\t\t\t\t<div class=\"swiper-slide\" data-slide=\"8\" role=\"group\" aria-roledescription=\"slide\" aria-label=\"8 of 8\">\n\t\t\t\t\t\t\t<div class=\"elementor-element elementor-element-0596793 e-flex e-con-boxed e-con e-child\" data-id=\"0596793\" data-element_type=\"container\">\n\t\t\t\t\t<div class=\"e-con-inner\">\n\t\t\t\t<div class=\"elementor-element elementor-element-f232098 elementor-widget elementor-widget-image\" data-id=\"f232098\" data-element_type=\"widget\" data-widget_type=\"image.default\">\n\t\t\t\t<div class=\"elementor-widget-container\">\n\t\t\t\t\t\t\t\t\t\t\t\t\t<img loading=\"lazy\" decoding=\"async\" width=\"240\" height=\"240\" src=\"https:\/\/s-e-t.com\/wp-content\/uploads\/2024\/10\/logo-about-5.png\" class=\"attachment-full size-full wp-image-9826\" alt=\"Logo von REWE mit wei\u00dfer Schrift auf rotem Hintergrund\" srcset=\"https:\/\/s-e-t.com\/wp-content\/uploads\/2024\/10\/logo-about-5.png 240w, https:\/\/s-e-t.com\/wp-content\/uploads\/2024\/10\/logo-about-5-150x150.png 150w\" sizes=\"(max-width: 240px) 100vw, 240px\" \/>\t\t\t\t\t\t\t\t\t\t\t\t\t<\/div>\n\t\t\t\t<\/div>\n\t\t\t\t\t<\/div>\n\t\t\t\t<\/div>\n\t\t\t\t\t\t\t\t<\/div>\n\t\t\t\t\t\t\t\t<\/div>\n\t\t<\/div>\n\t\t\t\t<\/div>\n\t\t\t\t<\/div>\n\t\t\t\t<\/div>\n\t\t\t\t<\/div>","protected":false},"excerpt":{"rendered":"<p>\u00dcber uns Unser Ziel: alle operativen Entscheider*innen der Lebensmittelwirtschaft und der gesamten Wertsch\u00f6pfungskette zur gemeinsamen Zukunftsgestaltung zu vereinen. Vision f\u00fcr die Branche Wir wollen alle Akteure rund um die Lebensmittelbranche [&hellip;]<\/p>","protected":false},"author":4,"featured_media":0,"parent":0,"menu_order":0,"comment_status":"closed","ping_status":"closed","template":"elementor_header_footer","meta":{"footnotes":""},"class_list":["post-168","page","type-page","status-publish","hentry"],"_links":{"self":[{"href":"https:\/\/s-e-t.com\/en\/wp-json\/wp\/v2\/pages\/168","targetHints":{"allow":["GET"]}}],"collection":[{"href":"https:\/\/s-e-t.com\/en\/wp-json\/wp\/v2\/pages"}],"about":[{"href":"https:\/\/s-e-t.com\/en\/wp-json\/wp\/v2\/types\/page"}],"author":[{"embeddable":true,"href":"https:\/\/s-e-t.com\/en\/wp-json\/wp\/v2\/users\/4"}],"replies":[{"embeddable":true,"href":"https:\/\/s-e-t.com\/en\/wp-json\/wp\/v2\/comments?post=168"}],"version-history":[{"count":10,"href":"https:\/\/s-e-t.com\/en\/wp-json\/wp\/v2\/pages\/168\/revisions"}],"predecessor-version":[{"id":12798,"href":"https:\/\/s-e-t.com\/en\/wp-json\/wp\/v2\/pages\/168\/revisions\/12798"}],"wp:attachment":[{"href":"https:\/\/s-e-t.com\/en\/wp-json\/wp\/v2\/media?parent=168"}],"curies":[{"name":"wp","href":"https:\/\/api.w.org\/{rel}","templated":true}]}}